{"id":56,"date":"2022-01-27T07:28:54","date_gmt":"2022-01-27T06:28:54","guid":{"rendered":"http:\/\/angeliquepennetierconteuse.fr\/apc_01\/?page_id=56"},"modified":"2023-09-03T07:52:34","modified_gmt":"2023-09-03T05:52:34","slug":"laccordeon-de-loncle-gaston","status":"publish","type":"page","link":"https:\/\/angeliquepennetierconteuse.fr\/apc_01\/index.php\/laccordeon-de-loncle-gaston\/","title":{"rendered":"L&rsquo;accord\u00e9on de l&rsquo;oncle Gaston"},"content":{"rendered":"\n<p class=\"has-text-align-center\"><strong>Conte et accord\u00e9on pour tous les publics \u00e0 partir de 6 ans ,<\/strong><strong>40 mins<\/strong>.<\/p>\n\n\n<div class=\"wp-block-image\">\n<figure class=\"aligncenter size-large is-resized\"><img loading=\"lazy\" decoding=\"async\" src=\"http:\/\/angeliquepennetierconteuse.fr\/apc_01\/wp-content\/uploads\/2022\/01\/afficheAOG-725x1024.jpg\" alt=\"\" class=\"wp-image-57\" style=\"width:251px;height:355px\" width=\"251\" height=\"355\" srcset=\"https:\/\/angeliquepennetierconteuse.fr\/apc_01\/wp-content\/uploads\/2022\/01\/afficheAOG-725x1024.jpg 725w, https:\/\/angeliquepennetierconteuse.fr\/apc_01\/wp-content\/uploads\/2022\/01\/afficheAOG-212x300.jpg 212w, https:\/\/angeliquepennetierconteuse.fr\/apc_01\/wp-content\/uploads\/2022\/01\/afficheAOG-768x1085.jpg 768w, https:\/\/angeliquepennetierconteuse.fr\/apc_01\/wp-content\/uploads\/2022\/01\/afficheAOG-191x270.jpg 191w, https:\/\/angeliquepennetierconteuse.fr\/apc_01\/wp-content\/uploads\/2022\/01\/afficheAOG.jpg 842w\" sizes=\"auto, (max-width: 251px) 100vw, 251px\" \/><\/figure>\n<\/div>\n\n\n<div class=\"wp-block-columns is-layout-flex wp-container-core-columns-is-layout-9d6595d7 wp-block-columns-is-layout-flex\">\n<div class=\"wp-block-column is-layout-flow wp-block-column-is-layout-flow\" style=\"flex-basis:100%\">\n<p class=\"has-text-align-left\">\u00ab\u00a0Alors qu\u2019elle est en vacances chez ses grands-parents, Louise d\u00e9couvre un myst\u00e9rieux objet oubli\u00e9 dans un recoin de la grange. Cet instrument, qui trouble \u00e9trangement son grand-p\u00e8re, va faire na\u00eetre une grande passion chez la fillette.&nbsp;Dans une ambiance champ\u00eatre et chaleureuse, l\u2019accord\u00e9on de l\u2019oncle Gaston nous conte la magie de la musique. \u00ab\u00a0De 5 \u00e0 77ans \u00ab\u00a0.<\/p>\n<\/div>\n<\/div>\n\n\n\n<p> Ce conte a \u00e9t\u00e9 \u00e9crit par l&rsquo;accord\u00e9oniste, G\u00e9raldine Gallois. Elle rend hommage \u00e0 son accord\u00e9on! Son ami Olivier Ch\u00e9n\u00e9 a illustr\u00e9 le livre-CD,  d&rsquo;autres amis ont assur\u00e9 la musique .Dans cette version spectacle, je conte librement cette histoire et G\u00e9raldine joue valse, polka, cumbia, tango<\/p>\n\n\n\n<p>Adapt\u00e9 du livre cd illustr\u00e9 <em>\u00ab\u00a0L&rsquo; accord\u00e9on de l&rsquo;oncle Gaston\u00a0\u00bb<\/em>. \u00c9crit et mis en musique par <strong>G\u00e9raldine Gallois<\/strong>. Illustr\u00e9 par <strong>Olivier Ch\u00e9n\u00e9<\/strong>. Racont\u00e9 par <strong>Ang\u00e9lique Pennetier.<\/strong> \u00c9dition <strong>Chanout.<\/strong><\/p>\n\n\n\n<p><\/p>\n\n\n\n<h2 class=\"wp-block-heading\"><strong>G\u00e9raldine Gallois<\/strong><\/h2>\n\n\n\n<p>Passionn\u00e9e de musique depuis son plus jeune \u00e2ge, elle apprend \u00e0 jouer de plusieurs instruments, jusqu&rsquo;\u00e0 rencontrer son pr\u00e9f\u00e9r\u00e9, l&rsquo;accord\u00e9on chromatique.<br>Au fil du temps, elle joue dans diff\u00e9rentes formations musicales allant de la chanson aux musiques traditionnelles, en passant par le reggae, le rock, l&rsquo;electro,..<br>Le monde du spectacle \u00e9tant un vaste terrain de jeu, elle participe et compose pour des projets de th\u00e9\u00e2tre, danse, cirque et court-m\u00e9trage, mais aussi de conte o\u00f9 elle accompagne \u00e0 l&rsquo;accord\u00e9on la conteuse Ang\u00e9lique Pennetier. C&rsquo;est d&rsquo;ailleurs ce qui lui donne l&rsquo;envie d&rsquo;\u00e9crire l&rsquo;histoire de l&rsquo;accord\u00e9on de l&rsquo;oncle Gaston et sa musique.<\/p>\n\n\n\n<p><a href=\"https:\/\/www.youtube.com\/playlist?list=PLM3LamtjDkS61jWoJ_DqJ5O9yCW2XbnTE\" target=\"_blank\" rel=\"noreferrer noopener\">En savoir plus<\/a><\/p>\n\n\n\n<figure class=\"wp-block-embed is-type-video is-provider-vimeo wp-block-embed-vimeo\"><div class=\"wp-block-embed__wrapper\">\n<iframe loading=\"lazy\" title=\"conte musical l&#039;accorde\u0301on de l&#039;oncle Gaston\" src=\"https:\/\/player.vimeo.com\/video\/692774678?dnt=1&amp;app_id=122963\" width=\"640\" height=\"360\" frameborder=\"0\" allow=\"autoplay; fullscreen; picture-in-picture; clipboard-write\"><\/iframe>\n<\/div><\/figure>\n\n\n\n<ul class=\"wp-block-list\">\n<li>conte musical jeune public (6-11 ans) et familial<\/li>\n\n\n\n<li>cr\u00e9ation 2021<\/li>\n\n\n\n<li>sortie automne 2021<\/li>\n\n\n\n<li>dur\u00e9e 40 minutes<\/li>\n\n\n\n<li>2 ou 3 personnes en tourn\u00e9e<\/li>\n\n\n\n<li>devis sur demande<\/li>\n<\/ul>\n\n\n\n<p><a href=\"mailto:chanoutprod@orange.fr\">contact<\/a><\/p>\n\n\n\n<h2 class=\"wp-block-heading\">\u00e0 l&rsquo;issue du spectacle, nous proposons une exposition de planches d&rsquo;Olivier Ch\u00e9n\u00e9 tir\u00e9es du livre-disque<\/h2>\n\n\n\n<figure class=\"wp-block-image\"><img decoding=\"async\" src=\"https:\/\/static.wixstatic.com\/media\/de47dd_17e472fb0d0d4f0babffd3bb1c31dc96~mv2.jpg\/v1\/fill\/w_574,h_574,al_c,q_80,usm_0.66_1.00_0.01,enc_auto\/de47dd_17e472fb0d0d4f0babffd3bb1c31dc96~mv2.jpg\" alt=\"\"\/><\/figure>\n\n\n\n<h2 class=\"wp-block-heading\"><strong>&nbsp; &nbsp; &nbsp; &nbsp; <\/strong><strong>dates pass\u00e9es:<\/strong><\/h2>\n\n\n\n<h2 class=\"wp-block-heading\"><strong>\u200b<\/strong><\/h2>\n\n\n\n<ul class=\"wp-block-list\">\n<li>Th\u00e9\u00e2tre Maurice Sand &#8211; La Ch\u00e2tre<\/li>\n\n\n\n<li>Salle Edith Piaf &#8211; Ch\u00e2teauroux<\/li>\n\n\n\n<li>Crozon sur Vauvre<\/li>\n\n\n\n<li>M\u00e9diath\u00e8que Saint Maur<\/li>\n\n\n\n<li>Festival en Pratiques &#8211; Vatan<\/li>\n\n\n\n<li>M\u00e9diath\u00e8que Equinoxe &#8211; Ch\u00e2teauroux<\/li>\n\n\n\n<li>Festival Le Temps Fort &#8211; Le Magny<\/li>\n\n\n\n<li>Salon Jeunesse &#8211; Le Blanc<\/li>\n\n\n\n<li>La Cloche &#8211; Lignac<\/li>\n\n\n\n<li>Ehpad La Souterraine et Az\u00e9rables<\/li>\n\n\n\n<li>Journ\u00e9e des droits de l&rsquo;enfant &#8211; Ch\u00e2teauroux<\/li>\n\n\n\n<li>M\u00e9diath\u00e8que d&rsquo;Issoudun &#8211; nuit de la lecture<\/li>\n\n\n\n<li>Th\u00e9\u00e2tre de l&rsquo;Avant-Sc\u00e8ne &#8211; Argenton sur Creuse<\/li>\n\n\n\n<li>Equinoxe, sc\u00e8ne nationale &#8211; Ch\u00e2teauroux<\/li>\n\n\n\n<li>Parc des Parelles &#8211; Crevant<\/li>\n\n\n\n<li>La Secousse &#8211; Jeu les Bois<\/li>\n<\/ul>\n","protected":false},"excerpt":{"rendered":"<p>Conte et accord\u00e9on pour tous les publics \u00e0 partir de 6 ans ,40 mins. \u00ab\u00a0Alors qu\u2019elle est en vacances chez ses grands-parents, Louise d\u00e9couvre un myst\u00e9rieux objet oubli\u00e9 dans un recoin de la grange. Cet instrument, qui trouble \u00e9trangement son grand-p\u00e8re, va faire na\u00eetre une grande passion chez la fillette.&nbsp;Dans une ambiance champ\u00eatre et chaleureuse, l\u2019accord\u00e9on de l\u2019oncle Gaston nous conte la magie de la musique. \u00ab\u00a0De 5 \u00e0 77ans \u00ab\u00a0. Ce conte a \u00e9t\u00e9 \u00e9crit par l&rsquo;accord\u00e9oniste, G\u00e9raldine Gallois&#8230;.<\/p>\n<p class=\"read-more\"><a class=\"btn btn-default\" href=\"https:\/\/angeliquepennetierconteuse.fr\/apc_01\/index.php\/laccordeon-de-loncle-gaston\/\">Lire la suite<span class=\"screen-reader-text\"> Lire la suite<\/span><\/a><\/p>\n","protected":false},"author":2,"featured_media":0,"parent":0,"menu_order":0,"comment_status":"closed","ping_status":"closed","template":"","meta":{"footnotes":""},"class_list":["post-56","page","type-page","status-publish","hentry"],"_links":{"self":[{"href":"https:\/\/angeliquepennetierconteuse.fr\/apc_01\/index.php\/wp-json\/wp\/v2\/pages\/56","targetHints":{"allow":["GET"]}}],"collection":[{"href":"https:\/\/angeliquepennetierconteuse.fr\/apc_01\/index.php\/wp-json\/wp\/v2\/pages"}],"about":[{"href":"https:\/\/angeliquepennetierconteuse.fr\/apc_01\/index.php\/wp-json\/wp\/v2\/types\/page"}],"author":[{"embeddable":true,"href":"https:\/\/angeliquepennetierconteuse.fr\/apc_01\/index.php\/wp-json\/wp\/v2\/users\/2"}],"replies":[{"embeddable":true,"href":"https:\/\/angeliquepennetierconteuse.fr\/apc_01\/index.php\/wp-json\/wp\/v2\/comments?post=56"}],"version-history":[{"count":19,"href":"https:\/\/angeliquepennetierconteuse.fr\/apc_01\/index.php\/wp-json\/wp\/v2\/pages\/56\/revisions"}],"predecessor-version":[{"id":616,"href":"https:\/\/angeliquepennetierconteuse.fr\/apc_01\/index.php\/wp-json\/wp\/v2\/pages\/56\/revisions\/616"}],"wp:attachment":[{"href":"https:\/\/angeliquepennetierconteuse.fr\/apc_01\/index.php\/wp-json\/wp\/v2\/media?parent=56"}],"curies":[{"name":"wp","href":"https:\/\/api.w.org\/{rel}","templated":true}]}}