{"id":735,"date":"2024-09-26T11:14:08","date_gmt":"2024-09-26T09:14:08","guid":{"rendered":"https:\/\/angeliquepennetierconteuse.fr\/apc_01\/?page_id=735"},"modified":"2024-10-15T16:06:13","modified_gmt":"2024-10-15T14:06:13","slug":"les-ateliers","status":"publish","type":"page","link":"https:\/\/angeliquepennetierconteuse.fr\/apc_01\/index.php\/les-ateliers\/","title":{"rendered":"LES ATELIERS"},"content":{"rendered":"\n<p><strong>Enfants<\/strong>:    Maternelles et primaires. <\/p>\n\n\n\n<p> Cr\u00e9ation de spectacles \u00e0 partir d&rsquo;un album pour les maternelles et d&rsquo;un th\u00e8me pour les plus grands. Nourriture de contes, de comptines, \u00e9changes sur des sujets du vivre ensemble, habiter le monde&#8230; Cr\u00e9er un spectacle vivant en m\u00ealant l&rsquo;art du conte, le jeux d&rsquo;acteur, le chant , la danse et cr\u00e9ation d&rsquo;un d\u00e9cors et d&rsquo;une mise en sc\u00e8ne. (\u00e0 Limoges dans le quartier du val de Laurence, avec la compagnie de th\u00e9\u00e2tre \u00ab\u00a0Les singuliers associ\u00e9s\u00a0\u00bb, projet soutenu par la DRAC) <\/p>\n\n\n\n<p><\/p>\n\n\n\n<p><strong>Adultes: <\/strong>1\/   Initiation \u00e0 l&rsquo;art du conte avec des com\u00e9diens amateurs et des biblioth\u00e9caires.<\/p>\n\n\n\n<p>               2\/  En lien avec l&rsquo;activit\u00e9 Yoga, avec la professeur de Yoga, Nathalie Pi\u00e9rard, nous sommes parties sur le th\u00e8me de int\u00e9riorit\u00e9\/ ext\u00e9riorit\u00e9. Nourrissage de contes, invitation \u00e0 la r\u00eaverie, voyages imaginaires&#8230; Les stagiaires ont choisi un conte, un personnage du conte, un moment du conte. Ils  ont ensuite pris soin de fabriquer un personnage et \u00e0 l&rsquo;aide d&rsquo;exercices , de jeux, ils  sont entr\u00e9s en relation avec cette marionnette. Ils ont rendu un travail d&rsquo;expression oral et gestuel derri\u00e8re un castelet.<\/p>\n\n\n\n<p>               3\/ En maison de retraite, j&rsquo;ai cont\u00e9 des histoires vraies, des contes, des croyances locales. Je leur ai ensuite permis de raconter \u00e0 leur tour. J&rsquo;ai collect\u00e9 leurs r\u00e9cits et avec un projet photos assur\u00e9 par la classe photo du coll\u00e8ge de Condat (15), nous avons pu exposer tout ce travail collectif dans la ville.<\/p>\n\n\n\n<p><\/p>\n\n\n\n<p><strong>Les gens des quartiers \u00e0 Limoges:<\/strong>             \u00ab\u00a0Qui s\u00e8me les cailloux\u00a0\u00bb <\/p>\n\n\n\n<p>\u00e0 Limoges, au val de Laurence, le quartier fait tomber ses tours. Les habitants doivent retrouver un logement, ce qui est bouleversant voir traumatisant. Didier Valadeau, metteur en sc\u00e8ne de \u00ab\u00a0La compagnie des singuliers associ\u00e9s\u00a0\u00bb a assur\u00e9 un atelier d&rsquo;\u00e9criture aupr\u00e8s des jeunes du quartier. Il en a fait une pi\u00e8ce de th\u00e9\u00e2tre de 20 mins. Nous la jouons dans les appartements, les gens nous accueillent, heureux d&rsquo;\u00eatre ainsi consid\u00e9r\u00e9s et n&rsquo;h\u00e9sitent pas \u00e0 inviter leurs voisins. Apr\u00e8s le jeu, nous \u00e9changeons sur leur vie d&rsquo;avant, de maintenant et de demain. Ceci leur permet de poser des mots sur ce qu&rsquo;ils vivent.<\/p>\n\n\n\n<p><\/p>\n\n\n\n<p><strong>En maison centrale:<\/strong>           \u00ab\u00a0\u00catre p\u00e8re en prison\u00a0\u00bb<\/p>\n\n\n\n<p>Je suis intervenue dans une maison centrale o\u00f9 des \u00ab\u00a0p\u00e8res\u00a0\u00bb sont incarc\u00e9r\u00e9s pour un long moment de leur vie. Avec l&rsquo;aide d&rsquo;une \u00e9ducatrice, et de G\u00e9raldine Gallois (musicienne), nous avons fait en sorte que les \u00ab\u00a0p\u00e8res\u00a0\u00bb puissent lire un album jeunesse ( ton, jeux d&rsquo;acteurs, musique des mots&#8230;), d&rsquo;assurer une illustration sonore(musiques et ambiances). Ces enregistrements ont \u00e9t\u00e9 transmis aux familles.<\/p>\n\n\n\n<p><strong>H\u00f4pital m\u00e8res-enfants de Limoges<\/strong><\/p>\n\n\n\n<p>Durant 6 ans, je suis intervenue aupr\u00e8s des enfants malades par le biais de l&rsquo;association d\u00e9pannages distraction de Bordeaux: Conter des histoires, jouer, distraire, \u00e9couter, \u00e9changer avec les enfants et leurs parents.<\/p>\n","protected":false},"excerpt":{"rendered":"<p>Enfants: Maternelles et primaires. Cr\u00e9ation de spectacles \u00e0 partir d&rsquo;un album pour les maternelles et d&rsquo;un th\u00e8me pour les plus grands. Nourriture de contes, de comptines, \u00e9changes sur des sujets du vivre ensemble, habiter le monde&#8230; Cr\u00e9er un spectacle vivant en m\u00ealant l&rsquo;art du conte, le jeux d&rsquo;acteur, le chant , la danse et cr\u00e9ation d&rsquo;un d\u00e9cors et d&rsquo;une mise en sc\u00e8ne. (\u00e0 Limoges dans le quartier du val de Laurence, avec la compagnie de th\u00e9\u00e2tre \u00ab\u00a0Les singuliers associ\u00e9s\u00a0\u00bb, projet&#8230;<\/p>\n<p class=\"read-more\"><a class=\"btn btn-default\" href=\"https:\/\/angeliquepennetierconteuse.fr\/apc_01\/index.php\/les-ateliers\/\">Lire la suite<span class=\"screen-reader-text\"> Lire la suite<\/span><\/a><\/p>\n","protected":false},"author":2,"featured_media":0,"parent":0,"menu_order":0,"comment_status":"closed","ping_status":"closed","template":"","meta":{"footnotes":""},"class_list":["post-735","page","type-page","status-publish","hentry"],"_links":{"self":[{"href":"https:\/\/angeliquepennetierconteuse.fr\/apc_01\/index.php\/wp-json\/wp\/v2\/pages\/735","targetHints":{"allow":["GET"]}}],"collection":[{"href":"https:\/\/angeliquepennetierconteuse.fr\/apc_01\/index.php\/wp-json\/wp\/v2\/pages"}],"about":[{"href":"https:\/\/angeliquepennetierconteuse.fr\/apc_01\/index.php\/wp-json\/wp\/v2\/types\/page"}],"author":[{"embeddable":true,"href":"https:\/\/angeliquepennetierconteuse.fr\/apc_01\/index.php\/wp-json\/wp\/v2\/users\/2"}],"replies":[{"embeddable":true,"href":"https:\/\/angeliquepennetierconteuse.fr\/apc_01\/index.php\/wp-json\/wp\/v2\/comments?post=735"}],"version-history":[{"count":5,"href":"https:\/\/angeliquepennetierconteuse.fr\/apc_01\/index.php\/wp-json\/wp\/v2\/pages\/735\/revisions"}],"predecessor-version":[{"id":769,"href":"https:\/\/angeliquepennetierconteuse.fr\/apc_01\/index.php\/wp-json\/wp\/v2\/pages\/735\/revisions\/769"}],"wp:attachment":[{"href":"https:\/\/angeliquepennetierconteuse.fr\/apc_01\/index.php\/wp-json\/wp\/v2\/media?parent=735"}],"curies":[{"name":"wp","href":"https:\/\/api.w.org\/{rel}","templated":true}]}}